{"id":2019,"date":"2024-12-25T11:58:05","date_gmt":"2024-12-25T10:58:05","guid":{"rendered":"https:\/\/salon-international-aquarelle.com\/WordPress3\/?page_id=2019"},"modified":"2025-02-08T16:25:52","modified_gmt":"2025-02-08T15:25:52","slug":"artistes-en-lien-avec-le-theme","status":"publish","type":"page","link":"https:\/\/salon-international-aquarelle.com\/WordPress3\/artistes-en-lien-avec-le-theme\/","title":{"rendered":"Artistes en lien avec le th\u00e8me"},"content":{"rendered":"\n\n<table id=\"tablepress-13\" class=\"tablepress tablepress-id-13\">\n<tbody class=\"row-hover\">\n<tr class=\"row-1\">\n\t<td class=\"column-1\"><a href=\"https:\/\/salon-international-aquarelle.com\/WordPress3\/salon-2026\/\">Salon 2026<\/a><\/td><td class=\"column-2\"><a href=\"https:\/\/salon-international-aquarelle.com\/WordPress3\/invites-dhonneur\/\">Invit\u00e9s d'honneur<\/a><\/td><td class=\"column-3\"><a href=https:\/\/salon-international-aquarelle.com\/WordPress3\/theme-et-dates\/\">Th\u00e8me et dates<\/a><\/td><td class=\"column-4\"><\/td>\n<\/tr>\n<\/tbody>\n<\/table>\n<!-- #tablepress-13 from cache -->\n\n\n\n<p class=\"has-text-align-center\"><br><strong>Peinture Japonaise \u2013 Nihonga et Sumi-e<\/strong><\/p>\n\n\n\n<div class=\"wp-block-media-text is-stacked-on-mobile\" style=\"grid-template-columns:19% auto\"><figure class=\"wp-block-media-text__media\"><img loading=\"lazy\" decoding=\"async\" width=\"332\" height=\"504\" src=\"https:\/\/salon-international-aquarelle.com\/WordPress3\/wp-content\/uploads\/2025\/01\/calli2.png\" alt=\"\" class=\"wp-image-2519 size-full\" srcset=\"https:\/\/salon-international-aquarelle.com\/WordPress3\/wp-content\/uploads\/2025\/01\/calli2.png 332w, https:\/\/salon-international-aquarelle.com\/WordPress3\/wp-content\/uploads\/2025\/01\/calli2-198x300.png 198w\" sizes=\"auto, (max-width: 332px) 100vw, 332px\" \/><\/figure><div class=\"wp-block-media-text__content\">\n<p><strong>Izumi kohama \/&nbsp;Lisho \u8389\u5c1a<\/strong>  <a href=\"https:\/\/www.izumikohama.com\/\">https:\/\/www.izumikohama.com\/<\/a><\/p>\n\n\n\n<p><strong>La calligraphie Japonaise<\/strong><\/p>\n\n\n\n<p><strong>-Shodo:<\/strong><strong>\u66f8\u9053<\/strong><strong>&#8211; est un art m\u00e9ditatif et philosophique.<br>C\u2019est un moment de bien-\u00eatre et de retour \u00e0 la simplicit\u00e9, concentr\u00e9 sur le geste du trac\u00e9 et la respiration.<br>En alliant l&rsquo;Art Th\u00e9rapie \u00e0 la Calligraphie Japonaise, Izumi propose une pratique originale de mieux-\u00eatre par l&rsquo;expression Artistique<br><br>Le Shodo Art est une pratique tr\u00e8s particuli\u00e8re qui s\u2019affranchit des r\u00e8gles strictes du Shodo -Calligraphie Japonaise-. Il se permet de d\u00e9former les caract\u00e8res, parfois de mani\u00e8re quasi abstraite, afin d\u2019en magnifier le contenu philosophique.<\/strong><\/p>\n<p>&nbsp;<\/p>\n<\/div><\/div>\n\n\n\n<hr>\n<p>&nbsp;<\/p>\n\n\n\n\n\n<div class=\"wp-block-media-text is-stacked-on-mobile\" style=\"grid-template-columns:21% auto\"><figure class=\"wp-block-media-text__media\"><img loading=\"lazy\" decoding=\"async\" width=\"506\" height=\"504\" src=\"https:\/\/salon-international-aquarelle.com\/WordPress3\/wp-content\/uploads\/2025\/01\/dong.png\" alt=\"\" class=\"wp-image-2520 size-full\" srcset=\"https:\/\/salon-international-aquarelle.com\/WordPress3\/wp-content\/uploads\/2025\/01\/dong.png 506w, https:\/\/salon-international-aquarelle.com\/WordPress3\/wp-content\/uploads\/2025\/01\/dong-300x300.png 300w, https:\/\/salon-international-aquarelle.com\/WordPress3\/wp-content\/uploads\/2025\/01\/dong-150x150.png 150w\" sizes=\"auto, (max-width: 506px) 100vw, 506px\" \/><\/figure><div class=\"wp-block-media-text__content\">\n<p><strong>Marie-Aude Donguy<\/strong>   <a href=\"https:\/\/www.instagram.com\/marie_aude_donguy\/\">https:\/\/www.instagram.com\/marie_aude_donguy\/<\/a><\/p>\n\n\n\n<p><strong>calligraphie sur papier kozo<br><br>Plus que des mots, la calligraphie peint des sensations, des \u00e9motions, elle donne la couleur aux mots.<\/strong><\/p>\n<p>&nbsp;<\/p>\n<\/div><\/div>\n\n\n\n<hr>\n<p align=\"center\"><b>Calligraphie Japonaise<\/b><\/p>\n\n\n\n\n\n<div class=\"wp-block-media-text is-stacked-on-mobile\" style=\"grid-template-columns:26% auto\"><figure class=\"wp-block-media-text__media\"><img loading=\"lazy\" decoding=\"async\" width=\"474\" height=\"637\" src=\"https:\/\/salon-international-aquarelle.com\/WordPress3\/wp-content\/uploads\/2025\/01\/vincent.jpg\" alt=\"\" class=\"wp-image-2521 size-full\" srcset=\"https:\/\/salon-international-aquarelle.com\/WordPress3\/wp-content\/uploads\/2025\/01\/vincent.jpg 474w, https:\/\/salon-international-aquarelle.com\/WordPress3\/wp-content\/uploads\/2025\/01\/vincent-223x300.jpg 223w\" sizes=\"auto, (max-width: 474px) 100vw, 474px\" \/><\/figure><div class=\"wp-block-media-text__content\">\n\n\n<p><br>Jean-Martin Vincent <a href=\"https:\/\/jeanmartinvincent.com\/\">https:\/\/jeanmartinvincent.com\/<\/a><\/p>\n\n\n\n<p><br><strong>Jean-Martin Vincent<\/strong>&nbsp;est artiste plasticien et calligraphe, sp\u00e9cialis\u00e9 dans les formes d\u2019arts complexes que sont l\u2019aquarelle, la calligraphie latine et la calligraphie japonaise (shod\u014d).<\/p>\n<\/div><\/div>\n\n\n\n<hr>\n<p align=\"center\"><b>Porcelaine Japonaise<\/b><\/p>\n\n\n\n\n\n<div class=\"wp-block-media-text is-stacked-on-mobile\" style=\"grid-template-columns:29% auto\"><figure class=\"wp-block-media-text__media\"><img loading=\"lazy\" decoding=\"async\" width=\"500\" height=\"500\" src=\"https:\/\/salon-international-aquarelle.com\/WordPress3\/wp-content\/uploads\/2025\/01\/boule.jpg\" alt=\"\" class=\"wp-image-2522 size-full\" srcset=\"https:\/\/salon-international-aquarelle.com\/WordPress3\/wp-content\/uploads\/2025\/01\/boule.jpg 500w, https:\/\/salon-international-aquarelle.com\/WordPress3\/wp-content\/uploads\/2025\/01\/boule-300x300.jpg 300w, https:\/\/salon-international-aquarelle.com\/WordPress3\/wp-content\/uploads\/2025\/01\/boule-150x150.jpg 150w\" sizes=\"auto, (max-width: 500px) 100vw, 500px\" \/><\/figure><div class=\"wp-block-media-text__content\">\n<p><br>Koh Sato <a href=\"https:\/\/kohsato.com\/\">https:\/\/kohsato.com\/<\/a><\/p>\n\n\n\n<p>N\u00e9 \u00e0 Shimabara, Nagasaki-ken, Japon.<br>Apr\u00e8s un dipl\u00f4me d&rsquo;ing\u00e9nieur d&rsquo;Universit\u00e9,<br>Koh SATO s&rsquo;oriente finalement vers<br>le m\u00e9tier d&rsquo;art de potier.<br><br>Form\u00e9 par Manji Inou\u00e9, Tr\u00e9sor national Vivant du Japon, c\u2019est \u00e0 Arita que Koh SATO travaille en tant que seul tourneur pendant 30ans dans une fabrique de porcelaine r\u00e9put\u00e9e Shin\u00e9mon Kiln, obtenant chaque ann\u00e9e le Prix Nitten, la plus haute r\u00e9compense du Salon d\u2019Art du Japon. (Le Grand Prix en 2012)<br><br>Koh s\u2019installe en France en 2016 et cr\u00e9e son propre atelier \u00ab&nbsp;Koh SATO Porcelaine&nbsp;\u00bb.<br>Par son savoir-faire il est rapidement reconnu pour ses cr\u00e9ations. Il expose dans plusieurs salons et obtient d\u00e8s 2018, le Prix du Carrousel des M\u00e9tiers d\u2019Arts et de Cr\u00e9ation au Carrousel du Louvre \u00e0 Paris.&nbsp;<\/p>\n\n\n\n<p><\/p>\n<\/div><\/div>\n\n\n\n<hr>\n<p>&nbsp;<\/p>\n\n\n\n<p align=\"center\"><b>Cosplay<\/b><\/p>\n\n\n\n<div class=\"wp-block-media-text is-stacked-on-mobile\" style=\"grid-template-columns:29% auto\"><figure class=\"wp-block-media-text__media\"><img loading=\"lazy\" decoding=\"async\" width=\"576\" height=\"839\" src=\"https:\/\/salon-international-aquarelle.com\/WordPress3\/wp-content\/uploads\/2025\/01\/cossp.png\" alt=\"\" class=\"wp-image-2523 size-full\" srcset=\"https:\/\/salon-international-aquarelle.com\/WordPress3\/wp-content\/uploads\/2025\/01\/cossp.png 576w, https:\/\/salon-international-aquarelle.com\/WordPress3\/wp-content\/uploads\/2025\/01\/cossp-206x300.png 206w\" sizes=\"auto, (max-width: 576px) 100vw, 576px\" \/><\/figure><div class=\"wp-block-media-text__content\">\n<p><br>Gabrielle Devaux <a href=\"https:\/\/www.instagram.com\/hanabi_no_cosplay\/?hl=fr\">https:\/\/www.instagram.com\/hanabi_no_cosplay\/?hl=fr<\/a><\/p>\n\n\n\n<p><br>Le Cosplay est n\u00e9 en 1939 aux Etats-Unis, \u00e0 la m\u00eame \u00e9poque, le Japon l\u2019adopta en l\u2019adaptant \u00e0 ses coutumes avec des personnages issus de mangas ou d\u2019anim\u00e9s Japonais.<\/p>\n<\/div><\/div>\n\n\n\n<hr>\n<p>&nbsp;<\/p>\n\n\n\n<p align=\"center\"><b>Art du Th\u00e9<\/b><\/p>\n\n\n\n<div class=\"wp-block-media-text is-stacked-on-mobile\" style=\"grid-template-columns:30% auto\"><figure class=\"wp-block-media-text__media\"><img loading=\"lazy\" decoding=\"async\" width=\"878\" height=\"435\" src=\"https:\/\/salon-international-aquarelle.com\/WordPress3\/wp-content\/uploads\/2025\/01\/the.png\" alt=\"\" class=\"wp-image-2524 size-full\" srcset=\"https:\/\/salon-international-aquarelle.com\/WordPress3\/wp-content\/uploads\/2025\/01\/the.png 878w, https:\/\/salon-international-aquarelle.com\/WordPress3\/wp-content\/uploads\/2025\/01\/the-300x149.png 300w, https:\/\/salon-international-aquarelle.com\/WordPress3\/wp-content\/uploads\/2025\/01\/the-768x381.png 768w\" sizes=\"auto, (max-width: 878px) 100vw, 878px\" \/><\/figure><div class=\"wp-block-media-text__content\">\n<p><br>Association Wabisabi Limoges <a href=\"https:\/\/wabisabilimoges.wixsite.com\/wabisabi\">https:\/\/wabisabilimoges.wixsite.com\/wabisabi<\/a><\/p>\n<\/div><\/div>\n\n\n\n<hr>\n<p>&nbsp;<\/p>\n\n\n\n<p align=\"center\"><b>L\u2019Art du Kimono<\/b><\/p>\n\n\n\n\n\n<div class=\"wp-block-media-text is-stacked-on-mobile\" style=\"grid-template-columns:31% auto\"><figure class=\"wp-block-media-text__media\"><img loading=\"lazy\" decoding=\"async\" width=\"640\" height=\"360\" src=\"https:\/\/salon-international-aquarelle.com\/WordPress3\/wp-content\/uploads\/2025\/01\/kimo.jpg\" alt=\"\" class=\"wp-image-2525 size-full\" srcset=\"https:\/\/salon-international-aquarelle.com\/WordPress3\/wp-content\/uploads\/2025\/01\/kimo.jpg 640w, https:\/\/salon-international-aquarelle.com\/WordPress3\/wp-content\/uploads\/2025\/01\/kimo-300x169.jpg 300w\" sizes=\"auto, (max-width: 640px) 100vw, 640px\" \/><\/figure><div class=\"wp-block-media-text__content\">\n<p><br>Litt\u00e9ralement&nbsp;<br><em>chose que l\u2019on porte sur soi<\/em>,&nbsp;<br><strong>le kimono japonais<\/strong>, constitu\u00e9 de larges rectangles de tissu cousus entre eux formant une tunique qui tombe jusqu\u2019aux chevilles, ferm\u00e9e par une ceinture, le obi.<\/p>\n<\/div><\/div>\n\n\n\n<hr>\n<p>&nbsp;<\/p>\n\n\n\n<p align=\"center\"><b>Ik\u00e9bana<\/b><\/p>\n\n\n\n<div class=\"wp-block-media-text is-stacked-on-mobile\" style=\"grid-template-columns:31% auto\"><figure class=\"wp-block-media-text__media\"><img loading=\"lazy\" decoding=\"async\" width=\"600\" height=\"800\" src=\"https:\/\/salon-international-aquarelle.com\/WordPress3\/wp-content\/uploads\/2025\/01\/ike.jpg\" alt=\"\" class=\"wp-image-2526 size-full\" srcset=\"https:\/\/salon-international-aquarelle.com\/WordPress3\/wp-content\/uploads\/2025\/01\/ike.jpg 600w, https:\/\/salon-international-aquarelle.com\/WordPress3\/wp-content\/uploads\/2025\/01\/ike-225x300.jpg 225w\" sizes=\"auto, (max-width: 600px) 100vw, 600px\" \/><\/figure><div class=\"wp-block-media-text__content\">\n<p>YumiKo Nakamura <span style=\"color: #0563c1;\"><u><a href=\"http:\/\/www.artlevant.com\/ikebana.html\">http:\/\/www.artlevant.com\/ikebana.html<\/a><\/u><\/span><\/p>\n\n\n\n<p>Yumiko est Ma\u00eetre de l&rsquo;\u00e9cole S\u00f4getsu, l&rsquo;une des trois plus grande \u00e9cole d&rsquo;ikebana au Japon.&nbsp;<br>Parall\u00e8lement depuis 1999, Yumiko a suivi une formation en art floral occidental \u00e0 Paris et est Professeur et Juge Nationale. Elle si\u00e8ge au Conseil de la SNHF (Soci\u00e9t\u00e9 Nationale d&rsquo;Horticulture de France), et Directrice de la section d&rsquo;Art Floral de l&rsquo;AACL (Association des Amis des Cours du Luxembourg)<\/p>\n\n\n\n<p><\/p>\n<\/div><\/div>\n\n\n\n<hr>\n<p>&nbsp;<\/p>\n\n\n\n<p align=\"center\"><b>Groupe ZEPPIN <\/b><span style=\"color: #0563c1;\"><u><a href=\"http:\/\/www.artlevant.com\/zeppin.html\"><b>http:\/\/www.artlevant.com\/zeppin.html<\/b><\/a><\/u><\/span><\/p>\n\n\n\n<div class=\"wp-block-media-text is-stacked-on-mobile\" style=\"grid-template-columns:32% auto\"><figure class=\"wp-block-media-text__media\"><img loading=\"lazy\" decoding=\"async\" width=\"243\" height=\"162\" src=\"https:\/\/salon-international-aquarelle.com\/WordPress3\/wp-content\/uploads\/2025\/01\/zep.png\" alt=\"\" class=\"wp-image-2527 size-full\"\/><\/figure><div class=\"wp-block-media-text__content\">\n<h4 class=\"wp-block-heading has-text-align-center\">Concert groupe Zeppin<br>Samedi 2 ao\u00fbt  &#8211; Salle Attane \u00e0 20 h<\/h4>\n\n\n\n<h4 class=\"wp-block-heading has-text-align-center\">Musique et danses folkloriques du Japon<\/h4>\n\n\n\n<h4 class=\"wp-block-heading has-text-align-left\">Cette musique est enjou\u00e9e, gaie et dansante et raconte des sc\u00e8nes de la vie quotidienne de chaque r\u00e9gion du Japon.<br>Le groupe Zeppin propose un style de musique japonaise relativement peu connu encore en France : le \u00ab\u00a0minyo\u00a0\u00bb. <br>Il s&rsquo;agit d&rsquo;une musique ancienne populaire qui pouvait accompagner les<br>f\u00eates de village, ou le travail des paysans, des p\u00e9cheurs, \u2026. <br>Certaines de ces airs font partis du r\u00e9pertoire classique japonais, et sont bien<br>connus de la plupart des Japonais.<br>Cette musique est enjou\u00e9e, gaie et dansante et raconte des sc\u00e8nes de la vie quotidienne de chaque r\u00e9gion du Japon. Elle trouvera donc facilement place en France pour un \u00e9v\u00e9nement festif d\u00e9paysant.<br><br>Prix 14 \u20ac\u00a0 &#8211;\u00a0 R\u00e9servation au 06 72 56 98 89<br>ou sur notre<a href=\"https:\/\/www.helloasso.com\/associations\/salon-international-de-l-aquarelle-de-saint-yrieix-la-perche\/evenements\/concert-groupe-zeppin\"> billetterie HelloAsso<\/a><\/h4>\n<\/div><\/div>\n\n\n\n<hr \/>\n<p>\u00a0<\/p>\n","protected":false},"excerpt":{"rendered":"<p>Peinture Japonaise \u2013 Nihonga et Sumi-e &nbsp; Calligraphie Japonaise Porcelaine Japonaise &nbsp; Cosplay &nbsp; Art du Th\u00e9 Association Wabisabi Limoges [&hellip;]<\/p>\n","protected":false},"author":1,"featured_media":0,"parent":0,"menu_order":0,"comment_status":"closed","ping_status":"closed","template":"","meta":{"site-sidebar-layout":"default","site-content-layout":"","ast-site-content-layout":"","site-content-style":"default","site-sidebar-style":"default","ast-global-header-display":"","ast-banner-title-visibility":"","ast-main-header-display":"","ast-hfb-above-header-display":"","ast-hfb-below-header-display":"","ast-hfb-mobile-header-display":"","site-post-title":"disabled","ast-breadcrumbs-content":"","ast-featured-img":"","footer-sml-layout":"","theme-transparent-header-meta":"","adv-header-id-meta":"","stick-header-meta":"","header-above-stick-meta":"","header-main-stick-meta":"","header-below-stick-meta":"","astra-migrate-meta-layouts":"default","ast-page-background-enabled":"default","ast-page-background-meta":{"desktop":{"background-color":"var(--ast-global-color-4)","background-image":"","background-repeat":"repeat","background-position":"center center","background-size":"auto","background-attachment":"scroll","background-type":"","background-media":"","overlay-type":"","overlay-color":"","overlay-opacity":"","overlay-gradient":""},"tablet":{"background-color":"","background-image":"","background-repeat":"repeat","background-position":"center center","background-size":"auto","background-attachment":"scroll","background-type":"","background-media":"","overlay-type":"","overlay-color":"","overlay-opacity":"","overlay-gradient":""},"mobile":{"background-color":"","background-image":"","background-repeat":"repeat","background-position":"center center","background-size":"auto","background-attachment":"scroll","background-type":"","background-media":"","overlay-type":"","overlay-color":"","overlay-opacity":"","overlay-gradient":""}},"ast-content-background-meta":{"desktop":{"background-color":"var(--ast-global-color-5)","background-image":"","background-repeat":"repeat","background-position":"center center","background-size":"auto","background-attachment":"scroll","background-type":"","background-media":"","overlay-type":"","overlay-color":"","overlay-opacity":"","overlay-gradient":""},"tablet":{"background-color":"var(--ast-global-color-5)","background-image":"","background-repeat":"repeat","background-position":"center center","background-size":"auto","background-attachment":"scroll","background-type":"","background-media":"","overlay-type":"","overlay-color":"","overlay-opacity":"","overlay-gradient":""},"mobile":{"background-color":"var(--ast-global-color-5)","background-image":"","background-repeat":"repeat","background-position":"center center","background-size":"auto","background-attachment":"scroll","background-type":"","background-media":"","overlay-type":"","overlay-color":"","overlay-opacity":"","overlay-gradient":""}},"jetpack_post_was_ever_published":false,"footnotes":""},"class_list":["post-2019","page","type-page","status-publish","hentry"],"jetpack_sharing_enabled":true,"jetpack_shortlink":"https:\/\/wp.me\/PgfGnI-wz","_links":{"self":[{"href":"https:\/\/salon-international-aquarelle.com\/WordPress3\/wp-json\/wp\/v2\/pages\/2019","targetHints":{"allow":["GET"]}}],"collection":[{"href":"https:\/\/salon-international-aquarelle.com\/WordPress3\/wp-json\/wp\/v2\/pages"}],"about":[{"href":"https:\/\/salon-international-aquarelle.com\/WordPress3\/wp-json\/wp\/v2\/types\/page"}],"author":[{"embeddable":true,"href":"https:\/\/salon-international-aquarelle.com\/WordPress3\/wp-json\/wp\/v2\/users\/1"}],"replies":[{"embeddable":true,"href":"https:\/\/salon-international-aquarelle.com\/WordPress3\/wp-json\/wp\/v2\/comments?post=2019"}],"version-history":[{"count":12,"href":"https:\/\/salon-international-aquarelle.com\/WordPress3\/wp-json\/wp\/v2\/pages\/2019\/revisions"}],"predecessor-version":[{"id":2712,"href":"https:\/\/salon-international-aquarelle.com\/WordPress3\/wp-json\/wp\/v2\/pages\/2019\/revisions\/2712"}],"wp:attachment":[{"href":"https:\/\/salon-international-aquarelle.com\/WordPress3\/wp-json\/wp\/v2\/media?parent=2019"}],"curies":[{"name":"wp","href":"https:\/\/api.w.org\/{rel}","templated":true}]}}